{"id":24,"date":"2019-05-12T09:00:44","date_gmt":"2019-05-12T09:00:44","guid":{"rendered":"http:\/\/mgv-concordia-eversberg.de\/?page_id=24"},"modified":"2026-01-10T15:56:36","modified_gmt":"2026-01-10T15:56:36","slug":"startseite","status":"publish","type":"page","link":"http:\/\/mgv-concordia-eversberg.de\/","title":{"rendered":"Startseite"},"content":{"rendered":"<p><img loading=\"lazy\" decoding=\"async\" src=\"http:\/\/mgv-concordia-eversberg.de\/wp-content\/uploads\/2019\/05\/Thomas_Klavier-1024x683.jpg\" sizes=\"auto, (max-width: 1024px) 100vw, 1024px\" srcset=\"http:\/\/mgv-concordia-eversberg.de\/wp-content\/uploads\/2019\/05\/Thomas_Klavier-1024x683.jpg 1024w, http:\/\/mgv-concordia-eversberg.de\/wp-content\/uploads\/2019\/05\/Thomas_Klavier-300x200.jpg 300w, http:\/\/mgv-concordia-eversberg.de\/wp-content\/uploads\/2019\/05\/Thomas_Klavier-768x512.jpg 768w, http:\/\/mgv-concordia-eversberg.de\/wp-content\/uploads\/2019\/05\/Thomas_Klavier-e1557853980651.jpg 1500w\" alt=\"\" width=\"1024\" height=\"683\" \/><\/p>\n<h2>M\u00e4nnergesangverein<\/h2>\n<p>Concordia<br \/>\nEversberg<\/p>\n<p>Singen unter Freunden.<\/p>\n<p>&nbsp;<\/p>\n<h2>Eindr\u00fccke vom Advents-Mitsing-Konzert<\/h2>\n<p><a href=\"http:\/\/mgv-concordia-eversberg.de\/wp-content\/uploads\/2023\/12\/2023-12-10-MGV-01701-scaled.jpg\" data-elementor-open-lightbox=\"yes\" data-elementor-lightbox-slideshow=\"8819462\" data-elementor-lightbox-title=\"MGV Concordia Eversberg\" data-e-action-hash=\"#elementor-action%3Aaction%3Dlightbox%26settings%3DeyJpZCI6NTA1LCJ1cmwiOiJodHRwOlwvXC9tZ3YtY29uY29yZGlhLWV2ZXJzYmVyZy5kZVwvd3AtY29udGVudFwvdXBsb2Fkc1wvMjAyM1wvMTJcLzIwMjMtMTItMTAtTUdWLTAxNzAxLXNjYWxlZC5qcGciLCJzbGlkZXNob3ciOiI4ODE5NDYyIn0%3D\"><br \/>\n<\/a><br \/>\n<a href=\"http:\/\/mgv-concordia-eversberg.de\/wp-content\/uploads\/2023\/12\/2023-12-10-MGV-01815-scaled.jpg\" data-elementor-open-lightbox=\"yes\" data-elementor-lightbox-slideshow=\"8819462\" data-elementor-lightbox-title=\"Farbt\u00f6ne Eversberg\" data-e-action-hash=\"#elementor-action%3Aaction%3Dlightbox%26settings%3DeyJpZCI6NTE1LCJ1cmwiOiJodHRwOlwvXC9tZ3YtY29uY29yZGlhLWV2ZXJzYmVyZy5kZVwvd3AtY29udGVudFwvdXBsb2Fkc1wvMjAyM1wvMTJcLzIwMjMtMTItMTAtTUdWLTAxODE1LXNjYWxlZC5qcGciLCJzbGlkZXNob3ciOiI4ODE5NDYyIn0%3D\"><br \/>\n<\/a><br \/>\n<a href=\"http:\/\/mgv-concordia-eversberg.de\/wp-content\/uploads\/2023\/12\/2023-12-10-MGV-01852-scaled.jpg\" data-elementor-open-lightbox=\"yes\" data-elementor-lightbox-slideshow=\"8819462\" data-elementor-lightbox-title=\"The Unlimited Vox Company\" data-e-action-hash=\"#elementor-action%3Aaction%3Dlightbox%26settings%3DeyJpZCI6NTE4LCJ1cmwiOiJodHRwOlwvXC9tZ3YtY29uY29yZGlhLWV2ZXJzYmVyZy5kZVwvd3AtY29udGVudFwvdXBsb2Fkc1wvMjAyM1wvMTJcLzIwMjMtMTItMTAtTUdWLTAxODUyLXNjYWxlZC5qcGciLCJzbGlkZXNob3ciOiI4ODE5NDYyIn0%3D\"><br \/>\n<\/a><br \/>\n<a href=\"http:\/\/mgv-concordia-eversberg.de\/wp-content\/uploads\/2023\/12\/2023-12-10-MGV-01892-scaled.jpg\" data-elementor-open-lightbox=\"yes\" data-elementor-lightbox-slideshow=\"8819462\" data-elementor-lightbox-title=\"Chorleiter\" data-e-action-hash=\"#elementor-action%3Aaction%3Dlightbox%26settings%3DeyJpZCI6NTIxLCJ1cmwiOiJodHRwOlwvXC9tZ3YtY29uY29yZGlhLWV2ZXJzYmVyZy5kZVwvd3AtY29udGVudFwvdXBsb2Fkc1wvMjAyM1wvMTJcLzIwMjMtMTItMTAtTUdWLTAxODkyLXNjYWxlZC5qcGciLCJzbGlkZXNob3ciOiI4ODE5NDYyIn0%3D\"><br \/>\n<\/a><br \/>\n<a href=\"http:\/\/mgv-concordia-eversberg.de\/wp-content\/uploads\/2023\/12\/2023-12-10-MGV-01910-scaled.jpg\" data-elementor-open-lightbox=\"yes\" data-elementor-lightbox-slideshow=\"8819462\" data-elementor-lightbox-title=\"St.-Johannes-Kirche am Abend\" data-e-action-hash=\"#elementor-action%3Aaction%3Dlightbox%26settings%3DeyJpZCI6NTIwLCJ1cmwiOiJodHRwOlwvXC9tZ3YtY29uY29yZGlhLWV2ZXJzYmVyZy5kZVwvd3AtY29udGVudFwvdXBsb2Fkc1wvMjAyM1wvMTJcLzIwMjMtMTItMTAtTUdWLTAxOTEwLXNjYWxlZC5qcGciLCJzbGlkZXNob3ciOiI4ODE5NDYyIn0%3D\"><br \/>\n<\/a><br \/>\n<a href=\"http:\/\/mgv-concordia-eversberg.de\/wp-content\/uploads\/2023\/12\/1000025778-002Gelduebergabe.jpg\" data-elementor-open-lightbox=\"yes\" data-elementor-lightbox-slideshow=\"8819462\" data-elementor-lightbox-title=\"Spenden\u00fcbergabe\" data-e-action-hash=\"#elementor-action%3Aaction%3Dlightbox%26settings%3DeyJpZCI6NTM5LCJ1cmwiOiJodHRwOlwvXC9tZ3YtY29uY29yZGlhLWV2ZXJzYmVyZy5kZVwvd3AtY29udGVudFwvdXBsb2Fkc1wvMjAyM1wvMTJcLzEwMDAwMjU3NzgtMDAyR2VsZHVlYmVyZ2FiZS5qcGciLCJzbGlkZXNob3ciOiI4ODE5NDYyIn0%3D\"><br \/>\n<\/a><br \/>\nVoriger<br \/>\nN\u00e4chster<br \/>\n<a tabindex=\"0\">Bericht zur Generalversammlung vom 13.01.2024<\/a><\/p>\n<p style=\"font-weight: 400;\">Bei der j\u00e4hrlichen Generalversammlung des M\u00e4nnergesangvereins Concord Eversberg, geleitet vom Vorsitzenden Bernd Wagner, wurden Mitglieder und Ehrenmitglieder, einschlie\u00dflich des Chorleiters Thomas Fildhaut, herzlich begr\u00fc\u00dft.<\/p>\n<p style=\"font-weight: 400;\">Wagner reflektierte \u00fcber die gesellschaftlichen und globalen Herausforderungen des Jahres 2023 und deren Einfluss auf das lokale und gemeinschaftliche Leben. Trotz dieser Schwierigkeiten hielt der Verein das Vereinsleben aufrecht und organisierte regelm\u00e4\u00dfige Proben sowie ein erfolgreiches Adventskonzert in der St.-Johannes-Kirche in Eversberg.<\/p>\n<p style=\"font-weight: 400;\">Er betonte die heilende Kraft der Musik und die Bedeutung von Zusammenhalt im Verein. Chorleiter Fildhaut dankte den S\u00e4ngern f\u00fcr ihre anhaltende Begeisterung und pr\u00e4sentierte seine musikalischen Pl\u00e4ne f\u00fcr das Jahr 2024.<\/p>\n<p style=\"font-weight: 400;\">Ein zentraler Tagesordnungspunkt waren die Vorstandswahlen. Wagner, seit 2014 Vorsitzender und zuvor von 2003 bis 2014 Schriftf\u00fchrer, hatte sich nicht mehr zur Wahl gestellt- Er bef\u00fcrwortete eine Erneuerung in der F\u00fchrungsebene. Auch Stefan Bremehr stellte sein Amt als Schriftf\u00fchrer nach 10 j\u00e4hriger Amtszeit zur Verf\u00fcgung. Die Versammlung bedankte sich bei beiden mit lang anhaltendem Applaus. Henrik Herdan wurde einstimmig zum neuen 1. Vorsitzenden gew\u00e4hlt. Herdan ist bekannt f\u00fcr seine tiefe Verwurzelung in der Gemeinde und sein Engagement im Verein Bergstadt Eversberg. Tobias Klausgrete wurde zum neuen Schriftf\u00fchrer gew\u00e4hlt. G\u00fcnter Matuschke bleibt Notenwart, Robert Dolle mit Werner Lang und Erhard Kotthoff als Fahnentr\u00e4ger. Als Stimmenvorsitzende wurden Ludger Bastert (1. Tenor), Richard Wippermann (2. Tenor), Franz-Josef Siebers (1. Bass) und Matthias Siedersleben (2. Bass) gew\u00e4hlt. Christian Jaworek und Klaus Bockholt fungieren als Kassenpr\u00fcfer.<\/p>\n<p style=\"font-weight: 400;\">Zum Abschluss w\u00fcnschte Wagner allen Mitgliedern und ihren Familien ein gesundes, erfolgreiches und friedvolles Jahr 2024 und dem neu gew\u00e4hlten Vorstand eine erfolgreiche Amtszeit.<\/p>\n<p>Foto v.l.n.r.: Thomas Fildhaut, Elmar Grewe, Tobias Klausgrete, Henrik Herdan, Uli Dr\u00f6ge.<\/p>\n<p><img loading=\"lazy\" decoding=\"async\" src=\"http:\/\/mgv-concordia-eversberg.de\/wp-content\/uploads\/2024\/01\/DSC09026-1024x683.jpg\" alt=\"Der neue Vorstand des MGV!\" width=\"1024\" height=\"683\" \/><\/p>\n<p><a tabindex=\"0\">Bericht \u00fcber das Advents-Mitsing-Konzert am 10.12.2023<\/a><\/p>\n<p style=\"font-weight: 400;\">Das erstmals vom M\u00e4nnergesangverein MGV Concordia Eversberg ausgerichtete \u201eAdvents-Mitsing-Konzert\u201c unter der musikalischen Gesamtleitung von Thomas Fildhaut war ein gro\u00dfer Erfolg. Die Konzertbesucher in der bis auf den letzten Platz gef\u00fcllten Pfarrkirche erwartete ein sehr abwechslungsreiches Programm mit einigen \u00dcberraschungen. Der neu gegr\u00fcndete Frauenchor \u201eFarbt\u00f6ne Eversberg\u201c unter Leitung von Svenja Siebert gab sein mit Spannung erwartetes begeisterndes Deb\u00fct. Der Jugendchor der St. Walburga Realschule \u201eVox Company\u201c mit Nassio Pagonis begeisterte das Publikum u.a. mit dem Tannenbaum Rap und Last Christmas. Ein weiterer H\u00f6hepunkt war das mit dem MGV gemeinsam dargebotene \u201eNessaja\u201c. Das Publikum quittierte die Darbietungen mit langanhaltendem Applaus. \u201eJetzt kann Weihnachten kommen\u201c, so h\u00f6rte man anschlie\u00dfend beim Gl\u00fchwein vor der Heukrippe.<\/p>\n<p style=\"font-weight: 400;\">Der Erl\u00f6s dieses Konzertes i.H.v. 1.055 \u20ac wurde an den F\u00f6rderverein der St. Johannesschule Eversberg\/Wehrstapel \u00fcbergeben.<\/p>\n<p><a tabindex=\"0\">Chorproben<\/a><\/p>\n<p>Wir proben jeden Donnerstag von 20:00 \u2013 21:30 Uhr im Gasthaus Scheer.<\/p>\n<h1 style=\"text-align: center;\"><a href=\"https:\/\/www.cvnrw.de\/index.php?id=start\" target=\"_blank\" rel=\"noopener\">www.Chorverband NRW.de<\/a><\/h1>\n<h2>Hier einige Fotos zum Jubil\u00e4umskonzert &#8222;Alles dreht sich im Kreis&#8220;<\/h2>\n<p>&nbsp;<\/p>\n<figure><img decoding=\"async\" src=\"http:\/\/mgv-concordia-eversberg.de\/wp-content\/uploads\/2019\/10\/DSC3742-150x150.jpg\" alt=\"Ehrung\" \/><\/figure>\n<p>&nbsp;<\/p>\n<figure><img decoding=\"async\" src=\"http:\/\/mgv-concordia-eversberg.de\/wp-content\/uploads\/2019\/10\/DSC3753-150x150.jpg\" alt=\"Projektchor\" \/><\/figure>\n<p>&nbsp;<\/p>\n<figure><img decoding=\"async\" src=\"http:\/\/mgv-concordia-eversberg.de\/wp-content\/uploads\/2019\/10\/DSC3787-150x150.jpg\" alt=\"MGV\" \/><\/figure>\n<p>&nbsp;<\/p>\n<figure><img decoding=\"async\" src=\"http:\/\/mgv-concordia-eversberg.de\/wp-content\/uploads\/2019\/10\/DSC3811-150x150.jpg\" alt=\"Thomas und Gisela\" \/><\/figure>\n<p>&nbsp;<\/p>\n<figure><img decoding=\"async\" src=\"http:\/\/mgv-concordia-eversberg.de\/wp-content\/uploads\/2019\/10\/DSC3818-150x150.jpg\" alt=\"Rolling Stone\" \/><\/figure>\n<p><img loading=\"lazy\" decoding=\"async\" src=\"http:\/\/mgv-concordia-eversberg.de\/wp-content\/uploads\/2019\/05\/MGV-Logo-606x1024.png\" sizes=\"auto, (max-width: 606px) 100vw, 606px\" srcset=\"http:\/\/mgv-concordia-eversberg.de\/wp-content\/uploads\/2019\/05\/MGV-Logo-606x1024.png 606w, http:\/\/mgv-concordia-eversberg.de\/wp-content\/uploads\/2019\/05\/MGV-Logo-178x300.png 178w, http:\/\/mgv-concordia-eversberg.de\/wp-content\/uploads\/2019\/05\/MGV-Logo.png 738w\" alt=\"\" width=\"606\" height=\"1024\" \/><\/p>\n<h3>Geschichte<\/h3>\n<p>Der M\u00e4nnergesangverein \u201eConcordia\u201c Eversberg wurde am 5. M\u00e4rz 1882 ins Leben gerufen, so steht es in der Gr\u00fcndungsurkunde. Bereits zum 5. Juli 1885 wurde in Eversberg das erste Gesangfest mit dem \u201eS\u00e4nger-Gru\u00df\u201c des MGV \u201eConcordia\u201c er\u00f6ffnet.<\/p>\n<p>Bis heute hat sich die leidenschaftliche Chorarbeit erhalten. Wir sind einer der gl\u00fccklichen Ch\u00f6re, die in den letzten Jahren einen steten S\u00e4ngerzuwachs zu verzeichnen hatten und noch haben.<\/p>\n<p>Mit ein H\u00f6hepunkt in unserer nunmehr 130-j\u00e4hrigen Geschichte war sicherlich die Auszeichnung zum Leistungschor im Juni 2010.<\/p>\n<h3>Repertoire<\/h3>\n<p>Wir haben erkannt, dass sich die Chormusik in einem Umbruch befindet. Der demografische Wandel und das Festhalten an klassischer Chorliteratur wird zu Nachwuchsproblemen f\u00fchren. Es muss gelingen, junge Leute und ihre Musik in das Selbstverst\u00e4ndnis der Ch\u00f6re zu integrieren. Wir haben daher mittlerweile ein gro\u00dfes Repertoire an zeitgem\u00e4\u00dfer Chorliteratur erarbeitet, ohne jedoch g\u00e4nzlich das Altbew\u00e4hrte hinter uns zu lassen. Steigende Mitgliederzahlen geben uns Recht.<\/p>\n<p><img loading=\"lazy\" decoding=\"async\" src=\"http:\/\/mgv-concordia-eversberg.de\/wp-content\/uploads\/2019\/05\/Logo-Bernd.jpg\" sizes=\"auto, (max-width: 739px) 100vw, 739px\" srcset=\"http:\/\/mgv-concordia-eversberg.de\/wp-content\/uploads\/2019\/05\/Logo-Bernd.jpg 739w, http:\/\/mgv-concordia-eversberg.de\/wp-content\/uploads\/2019\/05\/Logo-Bernd-300x296.jpg 300w\" alt=\"\" width=\"739\" height=\"730\" \/><\/p>\n<h3>Unser Vorstandsteam<\/h3>\n<h2>Einsam sind wir T\u00f6ne, gemeinsam sind wir ein Lied.<\/h2>\n<p><img loading=\"lazy\" decoding=\"async\" src=\"http:\/\/mgv-concordia-eversberg.de\/wp-content\/uploads\/2019\/05\/Thomas_Fildhaut-2006-sw-768x1142.jpg\" sizes=\"auto, (max-width: 768px) 100vw, 768px\" srcset=\"http:\/\/mgv-concordia-eversberg.de\/wp-content\/uploads\/2019\/05\/Thomas_Fildhaut-2006-sw-768x1142.jpg 768w, http:\/\/mgv-concordia-eversberg.de\/wp-content\/uploads\/2019\/05\/Thomas_Fildhaut-2006-sw-202x300.jpg 202w, http:\/\/mgv-concordia-eversberg.de\/wp-content\/uploads\/2019\/05\/Thomas_Fildhaut-2006-sw-689x1024.jpg 689w, http:\/\/mgv-concordia-eversberg.de\/wp-content\/uploads\/2019\/05\/Thomas_Fildhaut-2006-sw.jpg 1679w\" alt=\"\" width=\"768\" height=\"1142\" \/><\/p>\n<h2>Thomas Fildhaut<\/h2>\n<h2>Chorleiter<\/h2>\n<p>Thomas Fildhaut dirigiert seit 1989 den MGV. Er ist zudem Kreischorleiter.<\/p>\n<p><img loading=\"lazy\" decoding=\"async\" src=\"http:\/\/mgv-concordia-eversberg.de\/wp-content\/uploads\/2019\/05\/Uli-Portrait-768x1157.jpg\" sizes=\"auto, (max-width: 768px) 100vw, 768px\" srcset=\"http:\/\/mgv-concordia-eversberg.de\/wp-content\/uploads\/2019\/05\/Uli-Portrait-768x1157.jpg 768w, http:\/\/mgv-concordia-eversberg.de\/wp-content\/uploads\/2019\/05\/Uli-Portrait-199x300.jpg 199w, http:\/\/mgv-concordia-eversberg.de\/wp-content\/uploads\/2019\/05\/Uli-Portrait-680x1024.jpg 680w, http:\/\/mgv-concordia-eversberg.de\/wp-content\/uploads\/2019\/05\/Uli-Portrait.jpg 1611w\" alt=\"\" width=\"768\" height=\"1157\" \/><\/p>\n<h2>Ulrich Dr\u00f6ge<\/h2>\n<h2>Kassierer<\/h2>\n<p>Uli \u00fcbernahm im Jahr 2008 das Amt von unserem langj\u00e4hrigen Schatzmeister Meinolf M\u00f6ller. Uli singt im 2. Bass.<\/p>\n<p><img loading=\"lazy\" decoding=\"async\" src=\"http:\/\/mgv-concordia-eversberg.de\/wp-content\/uploads\/2024\/01\/Herdan-Henrick-768x842.jpg\" sizes=\"auto, (max-width: 768px) 100vw, 768px\" srcset=\"http:\/\/mgv-concordia-eversberg.de\/wp-content\/uploads\/2024\/01\/Herdan-Henrick-768x842.jpg 768w, http:\/\/mgv-concordia-eversberg.de\/wp-content\/uploads\/2024\/01\/Herdan-Henrick-274x300.jpg 274w, http:\/\/mgv-concordia-eversberg.de\/wp-content\/uploads\/2024\/01\/Herdan-Henrick.jpg 840w\" alt=\"\" width=\"768\" height=\"842\" \/><\/p>\n<h2>Henrik Herdan<\/h2>\n<h2>1. Vorsitzender<\/h2>\n<p>Henrik Herdan wurde am 13.01.2024 zum 1. Vorsitzenden gew\u00e4hlt.<\/p>\n<p>Henrik singt im 1. Tenor.<\/p>\n<p><img loading=\"lazy\" decoding=\"async\" src=\"http:\/\/mgv-concordia-eversberg.de\/wp-content\/uploads\/2025\/03\/20250213_213141-Kopie-768x901.jpg\" sizes=\"auto, (max-width: 768px) 100vw, 768px\" srcset=\"http:\/\/mgv-concordia-eversberg.de\/wp-content\/uploads\/2025\/03\/20250213_213141-Kopie-768x901.jpg 768w, http:\/\/mgv-concordia-eversberg.de\/wp-content\/uploads\/2025\/03\/20250213_213141-Kopie-256x300.jpg 256w, http:\/\/mgv-concordia-eversberg.de\/wp-content\/uploads\/2025\/03\/20250213_213141-Kopie-873x1024.jpg 873w, http:\/\/mgv-concordia-eversberg.de\/wp-content\/uploads\/2025\/03\/20250213_213141-Kopie-1309x1536.jpg 1309w, http:\/\/mgv-concordia-eversberg.de\/wp-content\/uploads\/2025\/03\/20250213_213141-Kopie.jpg 1544w\" alt=\"\" width=\"768\" height=\"901\" \/><\/p>\n<h2>Michael F\u00f6ckeler<\/h2>\n<h2>2. Vorsitzender<\/h2>\n<p>Michael F\u00f6ckeler ist seit dem 11.01.2025 der 2. Vorsitzende. Er l\u00f6ste Elmar Grewe ab, der dieses Amt rund 9 Jahre lang erfolgreich inne hatte. Michael singt im 1. Tenor.<\/p>\n<p><img loading=\"lazy\" decoding=\"async\" src=\"http:\/\/mgv-concordia-eversberg.de\/wp-content\/uploads\/2024\/01\/Klausgrete-Tobias.jpg\" sizes=\"auto, (max-width: 582px) 100vw, 582px\" srcset=\"http:\/\/mgv-concordia-eversberg.de\/wp-content\/uploads\/2024\/01\/Klausgrete-Tobias.jpg 582w, http:\/\/mgv-concordia-eversberg.de\/wp-content\/uploads\/2024\/01\/Klausgrete-Tobias-300x281.jpg 300w\" alt=\"\" width=\"582\" height=\"545\" \/><\/p>\n<h2>Tobias Klausgrete<\/h2>\n<h2>Schriftf\u00fchrer<\/h2>\n<p>Tobias wurde am 13.01.2024 zum neuen Schriftf\u00fchrer bestellt.<\/p>\n<p>Tobias singt im 1. Tenor<\/p>\n<p>&#8222;Wer singt, tut aktiv etwas f\u00fcr seine Gesundheit. Er sch\u00fctzt sich vor Erk\u00e4ltungen und st\u00e4rkt sein Immunsystem.\u201c<\/p>\n<p>Institut f\u00fcr MP Universit\u00e4t Frankfurt<\/p>\n<h3>Probenzeiten<\/h3>\n<p>Donnerstags<br \/>\n20:00 &#8211; 21:30 Uhr<\/p>\n<h3>Ort<\/h3>\n<p>Gasthof f\u00fcr Ch\u00f6re Scheer<br \/>\n59872 Meschede, Eversberg, Bue 14<\/p>\n<p><iframe title=\"Meschede, Bue 14\" src=\"https:\/\/maps.google.com\/maps?q=Meschede%2C%20Bue%2014&amp;t=m&amp;z=17&amp;output=embed&amp;iwloc=near\" aria-label=\"Meschede, Bue 14\"><\/iframe><\/p>\n<ul>\n<li><a href=\"http:\/\/mgv-concordia-eversberg.de\/?page_id=132\" target=\"_blank\" rel=\"noopener\"><br \/>\nKontaktformular<br \/>\n<\/a><\/li>\n<li><a href=\"http:\/\/mgv-concordia-eversberg.de\/?page_id=86\"><br \/>\nImpressum<br \/>\n<\/a><\/li>\n<li><a href=\"http:\/\/mgv-concordia-eversberg.de\/?page_id=88\"><br \/>\nDatenschutzerkl\u00e4rung<br \/>\n<\/a><\/li>\n<\/ul>\n","protected":false},"excerpt":{"rendered":"<p>M\u00e4nnergesangverein Concordia Eversberg Singen unter Freunden. &nbsp; Eindr\u00fccke vom Advents-Mitsing-Konzert Voriger N\u00e4chster Bericht zur Generalversammlung vom 13.01.2024 Bei der j\u00e4hrlichen Generalversammlung des M\u00e4nnergesangvereins Concord Eversberg, geleitet vom Vorsitzenden Bernd Wagner, wurden Mitglieder und Ehrenmitglieder, einschlie\u00dflich des Chorleiters Thomas Fildhaut, herzlich begr\u00fc\u00dft. Wagner reflektierte \u00fcber die gesellschaftlichen und globalen Herausforderungen des Jahres 2023 und deren Einfluss [&hellip;]<\/p>\n","protected":false},"author":1,"featured_media":0,"parent":0,"menu_order":0,"comment_status":"closed","ping_status":"closed","template":"templates\/landing.php","meta":{"ocean_post_layout":"","ocean_both_sidebars_style":"","ocean_both_sidebars_content_width":0,"ocean_both_sidebars_sidebars_width":0,"ocean_sidebar":"0","ocean_second_sidebar":"0","ocean_disable_margins":"enable","ocean_add_body_class":"","ocean_shortcode_before_top_bar":"","ocean_shortcode_after_top_bar":"","ocean_shortcode_before_header":"","ocean_shortcode_after_header":"","ocean_has_shortcode":"","ocean_shortcode_after_title":"","ocean_shortcode_before_footer_widgets":"","ocean_shortcode_after_footer_widgets":"","ocean_shortcode_before_footer_bottom":"","ocean_shortcode_after_footer_bottom":"","ocean_display_top_bar":"default","ocean_display_header":"default","ocean_header_style":"","ocean_center_header_left_menu":"0","ocean_custom_header_template":"0","ocean_custom_logo":0,"ocean_custom_retina_logo":0,"ocean_custom_logo_max_width":0,"ocean_custom_logo_tablet_max_width":0,"ocean_custom_logo_mobile_max_width":0,"ocean_custom_logo_max_height":0,"ocean_custom_logo_tablet_max_height":0,"ocean_custom_logo_mobile_max_height":0,"ocean_header_custom_menu":"0","ocean_menu_typo_font_family":"0","ocean_menu_typo_font_subset":"","ocean_menu_typo_font_size":0,"ocean_menu_typo_font_size_tablet":0,"ocean_menu_typo_font_size_mobile":0,"ocean_menu_typo_font_size_unit":"px","ocean_menu_typo_font_weight":"","ocean_menu_typo_font_weight_tablet":"","ocean_menu_typo_font_weight_mobile":"","ocean_menu_typo_transform":"","ocean_menu_typo_transform_tablet":"","ocean_menu_typo_transform_mobile":"","ocean_menu_typo_line_height":0,"ocean_menu_typo_line_height_tablet":0,"ocean_menu_typo_line_height_mobile":0,"ocean_menu_typo_line_height_unit":"","ocean_menu_typo_spacing":0,"ocean_menu_typo_spacing_tablet":0,"ocean_menu_typo_spacing_mobile":0,"ocean_menu_typo_spacing_unit":"","ocean_menu_link_color":"","ocean_menu_link_color_hover":"","ocean_menu_link_color_active":"","ocean_menu_link_background":"","ocean_menu_link_hover_background":"","ocean_menu_link_active_background":"","ocean_menu_social_links_bg":"","ocean_menu_social_hover_links_bg":"","ocean_menu_social_links_color":"","ocean_menu_social_hover_links_color":"","ocean_disable_title":"default","ocean_disable_heading":"default","ocean_post_title":"","ocean_post_subheading":"","ocean_post_title_style":"","ocean_post_title_background_color":"","ocean_post_title_background":0,"ocean_post_title_bg_image_position":"","ocean_post_title_bg_image_attachment":"","ocean_post_title_bg_image_repeat":"","ocean_post_title_bg_image_size":"","ocean_post_title_height":0,"ocean_post_title_bg_overlay":0.5,"ocean_post_title_bg_overlay_color":"","ocean_disable_breadcrumbs":"default","ocean_breadcrumbs_color":"","ocean_breadcrumbs_separator_color":"","ocean_breadcrumbs_links_color":"","ocean_breadcrumbs_links_hover_color":"","ocean_display_footer_widgets":"default","ocean_display_footer_bottom":"default","ocean_custom_footer_template":"0","footnotes":""},"class_list":["post-24","page","type-page","status-publish","hentry","entry"],"_links":{"self":[{"href":"http:\/\/mgv-concordia-eversberg.de\/index.php?rest_route=\/wp\/v2\/pages\/24","targetHints":{"allow":["GET"]}}],"collection":[{"href":"http:\/\/mgv-concordia-eversberg.de\/index.php?rest_route=\/wp\/v2\/pages"}],"about":[{"href":"http:\/\/mgv-concordia-eversberg.de\/index.php?rest_route=\/wp\/v2\/types\/page"}],"author":[{"embeddable":true,"href":"http:\/\/mgv-concordia-eversberg.de\/index.php?rest_route=\/wp\/v2\/users\/1"}],"replies":[{"embeddable":true,"href":"http:\/\/mgv-concordia-eversberg.de\/index.php?rest_route=%2Fwp%2Fv2%2Fcomments&post=24"}],"version-history":[{"count":359,"href":"http:\/\/mgv-concordia-eversberg.de\/index.php?rest_route=\/wp\/v2\/pages\/24\/revisions"}],"predecessor-version":[{"id":627,"href":"http:\/\/mgv-concordia-eversberg.de\/index.php?rest_route=\/wp\/v2\/pages\/24\/revisions\/627"}],"wp:attachment":[{"href":"http:\/\/mgv-concordia-eversberg.de\/index.php?rest_route=%2Fwp%2Fv2%2Fmedia&parent=24"}],"curies":[{"name":"wp","href":"https:\/\/api.w.org\/{rel}","templated":true}]}}